{"id":29036,"date":"2025-07-01T17:49:12","date_gmt":"2025-07-01T17:49:12","guid":{"rendered":"https:\/\/generaldecontenedores.com\/?post_type=product&#038;p=29036"},"modified":"2025-07-06T17:10:59","modified_gmt":"2025-07-06T17:10:59","slug":"contenedor-dry-de-20-pies","status":"publish","type":"product","link":"https:\/\/generaldecontenedores.com\/fr\/shop\/contenedor-maritimo\/contenedor-dry-de-20-pies\/","title":{"rendered":"Conteneur maritime sec de 20 pieds"},"content":{"rendered":"<div class=\"product-description\">\n<h2>\ud83d\udea2 20' Dry Maritime Container - Standard, Robuste et Polyvalent<\/h2>\n<p>Le <strong>Conteneur sec de 20 pieds<\/strong> est le mod\u00e8le standard le plus couramment utilis\u00e9 dans les transports maritimes et terrestres.<br \/>\nId\u00e9al pour le stockage ou le transfert de produits secs, il offre une structure solide, \u00e9tanche et durable.<br \/>\nConforme aux normes ISO pour assurer une compatibilit\u00e9 mondiale en mati\u00e8re de logistique et de manutention. \ud83d\udce6\ud83c\udf0d<\/p>\n<h3>\ud83d\udcd0 Caract\u00e9ristiques principales :<\/h3>\n<ul>\n<li>\ud83d\udccf <strong>Dimensions ext\u00e9rieures<\/strong>Dimensions : 6,06 m (longueur) x 2,44 m (largeur) x 2,59 m (hauteur)<\/li>\n<li>\ud83d\udcd0 <strong>Dimensions int\u00e9rieures<\/strong>: environ 5,90 m x 2,35 m x 2,39 m<\/li>\n<li>\u2696\ufe0f <strong>Poids \u00e0 vide<\/strong>: 2 200 - 2 300 kg<\/li>\n<li>\ud83d\udce6 <strong>Capacit\u00e9 utile<\/strong>: environ 33 m\u00b3<\/li>\n<li>\ud83d\udee0\ufe0f <strong>Structure<\/strong>Acier Corten r\u00e9sistant \u00e0 la corrosion<\/li>\n<li>\ud83d\udeaa <strong>Portes arri\u00e8re<\/strong> avec syst\u00e8me de fermeture herm\u00e9tique<\/li>\n<li>\ud83e\udeb5 <strong>Sol<\/strong>bois trait\u00e9 r\u00e9sistant aux charges lourdes<\/li>\n<\/ul>\n<h3>\ud83d\udd27 Utilisations recommand\u00e9es :<\/h3>\n<ul>\n<li>\ud83c\udfed Stockage en toute s\u00e9curit\u00e9 des outils, des mat\u00e9riaux ou de l'inventaire<\/li>\n<li>\ud83d\ude9b Transport de marchandises s\u00e8ches par voie terrestre ou maritime<\/li>\n<li>\ud83c\udfd7\ufe0f Espaces temporaires sur les chantiers de construction ou les installations industrielles<\/li>\n<\/ul>\n<h3>\u2728 Avantages :<\/h3>\n<ul>\n<li>\u2705 Taille standard compatible avec les grues et les camions<\/li>\n<li>\ud83d\udd12 \u00c9tanche \u00e0 l'eau, \u00e0 la poussi\u00e8re et aux parasites<\/li>\n<li>\ud83d\udd04 Facile \u00e0 d\u00e9placer, \u00e0 empiler et \u00e0 r\u00e9utiliser<\/li>\n<\/ul>\n<\/div>","protected":false},"excerpt":{"rendered":"<p>\ud83d\udea2 Contenedor Mar\u00edtimo Seco de 20 Pies \u2013 Est\u00e1ndar, Robusto y Vers\u00e1til El contenedor seco de 20 pies es el<\/p>","protected":false},"featured_media":29037,"comment_status":"open","ping_status":"closed","template":"","meta":[],"product_brand":[],"product_cat":[70],"product_tag":[],"class_list":{"0":"post-29036","1":"product","2":"type-product","3":"status-publish","4":"has-post-thumbnail","6":"product_cat-contenedor-maritimo","8":"first","9":"instock","10":"taxable","11":"shipping-taxable","12":"purchasable","13":"product-type-variable","14":"has-default-attributes"},"yoast_head":"<!-- This site is optimized with the Yoast SEO plugin v27.4 - https:\/\/yoast.com\/product\/yoast-seo-wordpress\/ -->\n<title>Contenedor Mar\u00edtimo dry de 20 pies - Transitaria General De Contenedores<\/title>\n<meta name=\"robots\" content=\"index, follow, max-snippet:-1, max-image-preview:large, max-video-preview:-1\" \/>\n<link rel=\"canonical\" href=\"https:\/\/generaldecontenedores.com\/fr\/shop\/contenedor-maritimo\/contenedor-dry-de-20-pies\/\" \/>\n<meta property=\"og:locale\" content=\"fr_FR\" \/>\n<meta property=\"og:type\" content=\"article\" \/>\n<meta property=\"og:title\" content=\"Contenedor Mar\u00edtimo dry de 20 pies - Transitaria General De Contenedores\" \/>\n<meta property=\"og:description\" content=\"\ud83d\udea2 Contenedor Mar\u00edtimo Seco de 20 Pies \u2013 Est\u00e1ndar, Robusto y Vers\u00e1til El contenedor seco de 20 pies es el\" \/>\n<meta property=\"og:url\" content=\"https:\/\/generaldecontenedores.com\/fr\/shop\/contenedor-maritimo\/contenedor-dry-de-20-pies\/\" \/>\n<meta property=\"og:site_name\" content=\"Transitaria General De Contenedores\" \/>\n<meta property=\"article:modified_time\" content=\"2025-07-06T17:10:59+00:00\" \/>\n<meta property=\"og:image\" content=\"https:\/\/generaldecontenedores.com\/wp-content\/uploads\/2025\/07\/container-605m-20ft-hard-top-6455095.jpg\" \/>\n\t<meta property=\"og:image:width\" content=\"640\" \/>\n\t<meta property=\"og:image:height\" content=\"480\" \/>\n\t<meta property=\"og:image:type\" content=\"image\/jpeg\" \/>\n<meta name=\"twitter:card\" content=\"summary_large_image\" \/>\n<meta name=\"twitter:label1\" content=\"Disponibilit\u00e9\" \/>\n\t<meta name=\"twitter:data1\" content=\"En stock\" \/>\n<script type=\"application\/ld+json\" class=\"yoast-schema-graph\">{\"@context\":\"https:\\\/\\\/schema.org\",\"@graph\":[{\"@type\":\"WebPage\",\"@id\":\"https:\\\/\\\/generaldecontenedores.com\\\/shop\\\/contenedor-maritimo\\\/contenedor-dry-de-20-pies\\\/\",\"url\":\"https:\\\/\\\/generaldecontenedores.com\\\/shop\\\/contenedor-maritimo\\\/contenedor-dry-de-20-pies\\\/\",\"name\":\"Contenedor Mar\u00edtimo dry de 20 pies - Transitaria General De Contenedores\",\"isPartOf\":{\"@id\":\"https:\\\/\\\/generaldecontenedores.com\\\/#website\"},\"primaryImageOfPage\":{\"@id\":\"https:\\\/\\\/generaldecontenedores.com\\\/shop\\\/contenedor-maritimo\\\/contenedor-dry-de-20-pies\\\/#primaryimage\"},\"image\":{\"@id\":\"https:\\\/\\\/generaldecontenedores.com\\\/shop\\\/contenedor-maritimo\\\/contenedor-dry-de-20-pies\\\/#primaryimage\"},\"thumbnailUrl\":\"https:\\\/\\\/generaldecontenedores.com\\\/wp-content\\\/uploads\\\/2025\\\/07\\\/container-605m-20ft-hard-top-6455095.jpg\",\"datePublished\":\"2025-07-01T17:49:12+00:00\",\"dateModified\":\"2025-07-06T17:10:59+00:00\",\"breadcrumb\":{\"@id\":\"https:\\\/\\\/generaldecontenedores.com\\\/shop\\\/contenedor-maritimo\\\/contenedor-dry-de-20-pies\\\/#breadcrumb\"},\"inLanguage\":\"fr-FR\",\"potentialAction\":[{\"@type\":\"ReadAction\",\"target\":[\"https:\\\/\\\/generaldecontenedores.com\\\/shop\\\/contenedor-maritimo\\\/contenedor-dry-de-20-pies\\\/\"]}]},{\"@type\":\"ImageObject\",\"inLanguage\":\"fr-FR\",\"@id\":\"https:\\\/\\\/generaldecontenedores.com\\\/shop\\\/contenedor-maritimo\\\/contenedor-dry-de-20-pies\\\/#primaryimage\",\"url\":\"https:\\\/\\\/generaldecontenedores.com\\\/wp-content\\\/uploads\\\/2025\\\/07\\\/container-605m-20ft-hard-top-6455095.jpg\",\"contentUrl\":\"https:\\\/\\\/generaldecontenedores.com\\\/wp-content\\\/uploads\\\/2025\\\/07\\\/container-605m-20ft-hard-top-6455095.jpg\",\"width\":640,\"height\":480,\"caption\":\"Vista frontal de un contenedor seco de 20 pies\"},{\"@type\":\"BreadcrumbList\",\"@id\":\"https:\\\/\\\/generaldecontenedores.com\\\/shop\\\/contenedor-maritimo\\\/contenedor-dry-de-20-pies\\\/#breadcrumb\",\"itemListElement\":[{\"@type\":\"ListItem\",\"position\":1,\"name\":\"Accueil\",\"item\":\"https:\\\/\\\/generaldecontenedores.com\\\/\"},{\"@type\":\"ListItem\",\"position\":2,\"name\":\"Shop\",\"item\":\"https:\\\/\\\/generaldecontenedores.com\\\/shop\\\/\"},{\"@type\":\"ListItem\",\"position\":3,\"name\":\"Contenedor Mar\u00edtimo dry de 20 pies\"}]},{\"@type\":\"WebSite\",\"@id\":\"https:\\\/\\\/generaldecontenedores.com\\\/#website\",\"url\":\"https:\\\/\\\/generaldecontenedores.com\\\/\",\"name\":\"Transitaria General De Contenedores\",\"description\":\"My WordPress Blog\",\"potentialAction\":[{\"@type\":\"SearchAction\",\"target\":{\"@type\":\"EntryPoint\",\"urlTemplate\":\"https:\\\/\\\/generaldecontenedores.com\\\/?s={search_term_string}\"},\"query-input\":{\"@type\":\"PropertyValueSpecification\",\"valueRequired\":true,\"valueName\":\"search_term_string\"}}],\"inLanguage\":\"fr-FR\"}]}<\/script>\n<meta property=\"og:availability\" content=\"instock\" \/>\n<meta property=\"product:availability\" content=\"instock\" \/>\n<meta property=\"product:condition\" content=\"new\" \/>\n<!-- \/ Yoast SEO plugin. -->","yoast_head_json":{"title":"Contenedor Mar\u00edtimo dry de 20 pies - Transitaria General De Contenedores","robots":{"index":"index","follow":"follow","max-snippet":"max-snippet:-1","max-image-preview":"max-image-preview:large","max-video-preview":"max-video-preview:-1"},"canonical":"https:\/\/generaldecontenedores.com\/fr\/shop\/contenedor-maritimo\/contenedor-dry-de-20-pies\/","og_locale":"fr_FR","og_type":"article","og_title":"Contenedor Mar\u00edtimo dry de 20 pies - Transitaria General De Contenedores","og_description":"\ud83d\udea2 Contenedor Mar\u00edtimo Seco de 20 Pies \u2013 Est\u00e1ndar, Robusto y Vers\u00e1til El contenedor seco de 20 pies es el","og_url":"https:\/\/generaldecontenedores.com\/fr\/shop\/contenedor-maritimo\/contenedor-dry-de-20-pies\/","og_site_name":"Transitaria General De Contenedores","article_modified_time":"2025-07-06T17:10:59+00:00","og_image":[{"width":640,"height":480,"url":"https:\/\/generaldecontenedores.com\/wp-content\/uploads\/2025\/07\/container-605m-20ft-hard-top-6455095.jpg","type":"image\/jpeg"}],"twitter_card":"summary_large_image","twitter_misc":{"Disponibilit\u00e9":"En stock"},"schema":{"@context":"https:\/\/schema.org","@graph":[{"@type":"WebPage","@id":"https:\/\/generaldecontenedores.com\/shop\/contenedor-maritimo\/contenedor-dry-de-20-pies\/","url":"https:\/\/generaldecontenedores.com\/shop\/contenedor-maritimo\/contenedor-dry-de-20-pies\/","name":"Contenedor Mar\u00edtimo dry de 20 pies - Transitaria General De Contenedores","isPartOf":{"@id":"https:\/\/generaldecontenedores.com\/#website"},"primaryImageOfPage":{"@id":"https:\/\/generaldecontenedores.com\/shop\/contenedor-maritimo\/contenedor-dry-de-20-pies\/#primaryimage"},"image":{"@id":"https:\/\/generaldecontenedores.com\/shop\/contenedor-maritimo\/contenedor-dry-de-20-pies\/#primaryimage"},"thumbnailUrl":"https:\/\/generaldecontenedores.com\/wp-content\/uploads\/2025\/07\/container-605m-20ft-hard-top-6455095.jpg","datePublished":"2025-07-01T17:49:12+00:00","dateModified":"2025-07-06T17:10:59+00:00","breadcrumb":{"@id":"https:\/\/generaldecontenedores.com\/shop\/contenedor-maritimo\/contenedor-dry-de-20-pies\/#breadcrumb"},"inLanguage":"fr-FR","potentialAction":[{"@type":"ReadAction","target":["https:\/\/generaldecontenedores.com\/shop\/contenedor-maritimo\/contenedor-dry-de-20-pies\/"]}]},{"@type":"ImageObject","inLanguage":"fr-FR","@id":"https:\/\/generaldecontenedores.com\/shop\/contenedor-maritimo\/contenedor-dry-de-20-pies\/#primaryimage","url":"https:\/\/generaldecontenedores.com\/wp-content\/uploads\/2025\/07\/container-605m-20ft-hard-top-6455095.jpg","contentUrl":"https:\/\/generaldecontenedores.com\/wp-content\/uploads\/2025\/07\/container-605m-20ft-hard-top-6455095.jpg","width":640,"height":480,"caption":"Vista frontal de un contenedor seco de 20 pies"},{"@type":"BreadcrumbList","@id":"https:\/\/generaldecontenedores.com\/shop\/contenedor-maritimo\/contenedor-dry-de-20-pies\/#breadcrumb","itemListElement":[{"@type":"ListItem","position":1,"name":"Accueil","item":"https:\/\/generaldecontenedores.com\/"},{"@type":"ListItem","position":2,"name":"Shop","item":"https:\/\/generaldecontenedores.com\/shop\/"},{"@type":"ListItem","position":3,"name":"Contenedor Mar\u00edtimo dry de 20 pies"}]},{"@type":"WebSite","@id":"https:\/\/generaldecontenedores.com\/#website","url":"https:\/\/generaldecontenedores.com\/","name":"Transitaria General De Contenedores","description":"Mon blog WordPress","potentialAction":[{"@type":"SearchAction","target":{"@type":"EntryPoint","urlTemplate":"https:\/\/generaldecontenedores.com\/?s={search_term_string}"},"query-input":{"@type":"PropertyValueSpecification","valueRequired":true,"valueName":"search_term_string"}}],"inLanguage":"fr-FR"}]},"og_availability":"instock","product_availability":"instock","product_condition":"new"},"_links":{"self":[{"href":"https:\/\/generaldecontenedores.com\/fr\/wp-json\/wp\/v2\/product\/29036","targetHints":{"allow":["GET"]}}],"collection":[{"href":"https:\/\/generaldecontenedores.com\/fr\/wp-json\/wp\/v2\/product"}],"about":[{"href":"https:\/\/generaldecontenedores.com\/fr\/wp-json\/wp\/v2\/types\/product"}],"replies":[{"embeddable":true,"href":"https:\/\/generaldecontenedores.com\/fr\/wp-json\/wp\/v2\/comments?post=29036"}],"version-history":[{"count":2,"href":"https:\/\/generaldecontenedores.com\/fr\/wp-json\/wp\/v2\/product\/29036\/revisions"}],"predecessor-version":[{"id":29248,"href":"https:\/\/generaldecontenedores.com\/fr\/wp-json\/wp\/v2\/product\/29036\/revisions\/29248"}],"wp:featuredmedia":[{"embeddable":true,"href":"https:\/\/generaldecontenedores.com\/fr\/wp-json\/wp\/v2\/media\/29037"}],"wp:attachment":[{"href":"https:\/\/generaldecontenedores.com\/fr\/wp-json\/wp\/v2\/media?parent=29036"}],"wp:term":[{"taxonomy":"product_brand","embeddable":true,"href":"https:\/\/generaldecontenedores.com\/fr\/wp-json\/wp\/v2\/product_brand?post=29036"},{"taxonomy":"product_cat","embeddable":true,"href":"https:\/\/generaldecontenedores.com\/fr\/wp-json\/wp\/v2\/product_cat?post=29036"},{"taxonomy":"product_tag","embeddable":true,"href":"https:\/\/generaldecontenedores.com\/fr\/wp-json\/wp\/v2\/product_tag?post=29036"}],"curies":[{"name":"wp","href":"https:\/\/api.w.org\/{rel}","templated":true}]}}