{"id":29028,"date":"2025-07-01T16:56:59","date_gmt":"2025-07-01T16:56:59","guid":{"rendered":"https:\/\/generaldecontenedores.com\/?post_type=product&#038;p=29028"},"modified":"2025-07-06T17:11:08","modified_gmt":"2025-07-06T17:11:08","slug":"contenedor-de-20-pies-doble-puerta-doble","status":"publish","type":"product","link":"https:\/\/generaldecontenedores.com\/pt\/shop\/contenedor-maritimo\/contenedor-de-20-pies-doble-puerta-doble\/","title":{"rendered":"Contentor mar\u00edtimo de 20' com porta dupla e porta dupla"},"content":{"rendered":"<div class=\"product-description\">\n<h2>Contentor mar\u00edtimo de 20 p\u00e9s com porta dupla - acesso frontal e traseiro<\/h2>\n<p>\n    O <strong>Contentor de porta dupla de 20'<\/strong> oferece uma solu\u00e7\u00e3o pr\u00e1tica e eficaz para as opera\u00e7\u00f5es log\u00edsticas.<br \/>\n    que requerem um acesso pelos dois lados. Gra\u00e7as \u00e0s portas duplas na parte da frente e na parte de tr\u00e1s,<br \/>\n    permite uma carga e descarga mais r\u00e1pidas, bem como uma melhor organiza\u00e7\u00e3o do espa\u00e7o interior. Ideal para transporte, armazenamento<br \/>\n    e configura\u00e7\u00f5es modulares. \u2699\ufe0f\ud83d\udce6\n  <\/p>\n<h3>\ud83d\udcd0 Carater\u00edsticas principais:<\/h3>\n<ul>\n<li>\ud83d\udccf <strong>Dimens\u00f5es exteriores<\/strong>: 6,06 m (comprimento) x 2,44 m (largura) x 2,59 m (altura)<\/li>\n<li>\ud83d\udee0\ufe0f <strong>Estrutura<\/strong>A\u00e7o corten resistente \u00e0 corros\u00e3o<\/li>\n<li>\ud83d\udeaa <strong>Portas<\/strong>: duplo nos dois lados curtos com barras de fecho<\/li>\n<li>\ud83e\udeb5 <strong>Plano<\/strong>: madeira marinha tratada e resistente<\/li>\n<li>\u2696\ufe0f <strong>Peso sem carga<\/strong>: aproximadamente 2,200 kg<\/li>\n<li>\ud83d\udce6 <strong>Volume \u00fatil<\/strong>: aproximadamente 33 m\u00b3<\/li>\n<\/ul>\n<h3>Utiliza\u00e7\u00f5es recomendadas:<\/h3>\n<ul>\n<li>Transporte de mercadorias com acesso r\u00e1pido de ambos os lados<\/li>\n<li>\ud83c\udfd7\ufe0f Armazenamento tempor\u00e1rio em estaleiros de constru\u00e7\u00e3o ou ind\u00fastrias<\/li>\n<li>Solu\u00e7\u00f5es modulares (oficinas, m\u00f3dulos t\u00e9cnicos, armaz\u00e9ns m\u00f3veis)<\/li>\n<\/ul>\n<h3>Vantagens:<\/h3>\n<ul>\n<li>\ud83d\udd04 <strong>Duplo acesso<\/strong> para facilitar as opera\u00e7\u00f5es log\u00edsticas<\/li>\n<li>\u23f1\ufe0f Poupan\u00e7a de tempo nas cargas e descargas<\/li>\n<li>\ud83d\udcd0 <strong>Conce\u00e7\u00e3o optimizada<\/strong> maximizar a utiliza\u00e7\u00e3o do espa\u00e7o interior<\/li>\n<\/ul>\n<\/div>","protected":false},"excerpt":{"rendered":"<p>\ud83d\udea2 Contentor mar\u00edtimo de 20 p\u00e9s com porta dupla - Acesso frontal e traseiro O contentor de 20 p\u00e9s com porta dupla - Acesso frontal e traseiro O contentor de 20 p\u00e9s com porta dupla - Acesso frontal e traseiro O contentor de 20 p\u00e9s com porta dupla - Acesso traseiro<\/p>","protected":false},"featured_media":29029,"comment_status":"open","ping_status":"closed","template":"","meta":[],"product_brand":[],"product_cat":[70],"product_tag":[],"class_list":{"0":"post-29028","1":"product","2":"type-product","3":"status-publish","4":"has-post-thumbnail","6":"product_cat-contenedor-maritimo","8":"first","9":"instock","10":"taxable","11":"shipping-taxable","12":"purchasable","13":"product-type-variable","14":"has-default-attributes"},"yoast_head":"<!-- This site is optimized with the Yoast SEO plugin v27.4 - https:\/\/yoast.com\/product\/yoast-seo-wordpress\/ -->\n<title>Contenedor Mar\u00edtimo de 20 pies doble puerta doble - Transitaria General De Contenedores<\/title>\n<meta name=\"robots\" content=\"index, follow, max-snippet:-1, max-image-preview:large, max-video-preview:-1\" \/>\n<link rel=\"canonical\" href=\"https:\/\/generaldecontenedores.com\/pt\/shop\/contenedor-maritimo\/contenedor-de-20-pies-doble-puerta-doble\/\" \/>\n<meta property=\"og:locale\" content=\"pt_PT\" \/>\n<meta property=\"og:type\" content=\"article\" \/>\n<meta property=\"og:title\" content=\"Contenedor Mar\u00edtimo de 20 pies doble puerta doble - Transitaria General De Contenedores\" \/>\n<meta property=\"og:description\" content=\"\ud83d\udea2 Contenedor Mar\u00edtimo de 20 Pies con Doble Puerta \u2013 Acceso Frontal y Trasero El contenedor de 20 pies con\" \/>\n<meta property=\"og:url\" content=\"https:\/\/generaldecontenedores.com\/pt\/shop\/contenedor-maritimo\/contenedor-de-20-pies-doble-puerta-doble\/\" \/>\n<meta property=\"og:site_name\" content=\"Transitaria General De Contenedores\" \/>\n<meta property=\"article:modified_time\" content=\"2025-07-06T17:11:08+00:00\" \/>\n<meta property=\"og:image\" content=\"https:\/\/generaldecontenedores.com\/wp-content\/uploads\/2025\/07\/03.jpg\" \/>\n\t<meta property=\"og:image:width\" content=\"567\" \/>\n\t<meta property=\"og:image:height\" content=\"395\" \/>\n\t<meta property=\"og:image:type\" content=\"image\/jpeg\" \/>\n<meta name=\"twitter:card\" content=\"summary_large_image\" \/>\n<meta name=\"twitter:label1\" content=\"Disponibilidade\" \/>\n\t<meta name=\"twitter:data1\" content=\"Em stock\" \/>\n<script type=\"application\/ld+json\" class=\"yoast-schema-graph\">{\"@context\":\"https:\\\/\\\/schema.org\",\"@graph\":[{\"@type\":\"WebPage\",\"@id\":\"https:\\\/\\\/generaldecontenedores.com\\\/shop\\\/contenedor-maritimo\\\/contenedor-de-20-pies-doble-puerta-doble\\\/\",\"url\":\"https:\\\/\\\/generaldecontenedores.com\\\/shop\\\/contenedor-maritimo\\\/contenedor-de-20-pies-doble-puerta-doble\\\/\",\"name\":\"Contenedor Mar\u00edtimo de 20 pies doble puerta doble - Transitaria General De Contenedores\",\"isPartOf\":{\"@id\":\"https:\\\/\\\/generaldecontenedores.com\\\/#website\"},\"primaryImageOfPage\":{\"@id\":\"https:\\\/\\\/generaldecontenedores.com\\\/shop\\\/contenedor-maritimo\\\/contenedor-de-20-pies-doble-puerta-doble\\\/#primaryimage\"},\"image\":{\"@id\":\"https:\\\/\\\/generaldecontenedores.com\\\/shop\\\/contenedor-maritimo\\\/contenedor-de-20-pies-doble-puerta-doble\\\/#primaryimage\"},\"thumbnailUrl\":\"https:\\\/\\\/generaldecontenedores.com\\\/wp-content\\\/uploads\\\/2025\\\/07\\\/03.jpg\",\"datePublished\":\"2025-07-01T16:56:59+00:00\",\"dateModified\":\"2025-07-06T17:11:08+00:00\",\"breadcrumb\":{\"@id\":\"https:\\\/\\\/generaldecontenedores.com\\\/shop\\\/contenedor-maritimo\\\/contenedor-de-20-pies-doble-puerta-doble\\\/#breadcrumb\"},\"inLanguage\":\"pt-PT\",\"potentialAction\":[{\"@type\":\"ReadAction\",\"target\":[\"https:\\\/\\\/generaldecontenedores.com\\\/shop\\\/contenedor-maritimo\\\/contenedor-de-20-pies-doble-puerta-doble\\\/\"]}]},{\"@type\":\"ImageObject\",\"inLanguage\":\"pt-PT\",\"@id\":\"https:\\\/\\\/generaldecontenedores.com\\\/shop\\\/contenedor-maritimo\\\/contenedor-de-20-pies-doble-puerta-doble\\\/#primaryimage\",\"url\":\"https:\\\/\\\/generaldecontenedores.com\\\/wp-content\\\/uploads\\\/2025\\\/07\\\/03.jpg\",\"contentUrl\":\"https:\\\/\\\/generaldecontenedores.com\\\/wp-content\\\/uploads\\\/2025\\\/07\\\/03.jpg\",\"width\":567,\"height\":395,\"caption\":\"Contenedor de 20 pies doble puerta doble\"},{\"@type\":\"BreadcrumbList\",\"@id\":\"https:\\\/\\\/generaldecontenedores.com\\\/shop\\\/contenedor-maritimo\\\/contenedor-de-20-pies-doble-puerta-doble\\\/#breadcrumb\",\"itemListElement\":[{\"@type\":\"ListItem\",\"position\":1,\"name\":\"Accueil\",\"item\":\"https:\\\/\\\/generaldecontenedores.com\\\/\"},{\"@type\":\"ListItem\",\"position\":2,\"name\":\"Shop\",\"item\":\"https:\\\/\\\/generaldecontenedores.com\\\/shop\\\/\"},{\"@type\":\"ListItem\",\"position\":3,\"name\":\"Contenedor Mar\u00edtimo de 20 pies doble puerta doble\"}]},{\"@type\":\"WebSite\",\"@id\":\"https:\\\/\\\/generaldecontenedores.com\\\/#website\",\"url\":\"https:\\\/\\\/generaldecontenedores.com\\\/\",\"name\":\"Transitaria General De Contenedores\",\"description\":\"My WordPress Blog\",\"potentialAction\":[{\"@type\":\"SearchAction\",\"target\":{\"@type\":\"EntryPoint\",\"urlTemplate\":\"https:\\\/\\\/generaldecontenedores.com\\\/?s={search_term_string}\"},\"query-input\":{\"@type\":\"PropertyValueSpecification\",\"valueRequired\":true,\"valueName\":\"search_term_string\"}}],\"inLanguage\":\"pt-PT\"}]}<\/script>\n<meta property=\"og:availability\" content=\"instock\" \/>\n<meta property=\"product:availability\" content=\"instock\" \/>\n<meta property=\"product:condition\" content=\"new\" \/>\n<!-- \/ Yoast SEO plugin. -->","yoast_head_json":{"title":"Contenedor Mar\u00edtimo de 20 pies doble puerta doble - Transitaria General De Contenedores","robots":{"index":"index","follow":"follow","max-snippet":"max-snippet:-1","max-image-preview":"max-image-preview:large","max-video-preview":"max-video-preview:-1"},"canonical":"https:\/\/generaldecontenedores.com\/pt\/shop\/contenedor-maritimo\/contenedor-de-20-pies-doble-puerta-doble\/","og_locale":"pt_PT","og_type":"article","og_title":"Contenedor Mar\u00edtimo de 20 pies doble puerta doble - Transitaria General De Contenedores","og_description":"\ud83d\udea2 Contenedor Mar\u00edtimo de 20 Pies con Doble Puerta \u2013 Acceso Frontal y Trasero El contenedor de 20 pies con","og_url":"https:\/\/generaldecontenedores.com\/pt\/shop\/contenedor-maritimo\/contenedor-de-20-pies-doble-puerta-doble\/","og_site_name":"Transitaria General De Contenedores","article_modified_time":"2025-07-06T17:11:08+00:00","og_image":[{"width":567,"height":395,"url":"https:\/\/generaldecontenedores.com\/wp-content\/uploads\/2025\/07\/03.jpg","type":"image\/jpeg"}],"twitter_card":"summary_large_image","twitter_misc":{"Disponibilidade":"Em stock"},"schema":{"@context":"https:\/\/schema.org","@graph":[{"@type":"WebPage","@id":"https:\/\/generaldecontenedores.com\/shop\/contenedor-maritimo\/contenedor-de-20-pies-doble-puerta-doble\/","url":"https:\/\/generaldecontenedores.com\/shop\/contenedor-maritimo\/contenedor-de-20-pies-doble-puerta-doble\/","name":"Contenedor Mar\u00edtimo de 20 pies doble puerta doble - Transitaria General De Contenedores","isPartOf":{"@id":"https:\/\/generaldecontenedores.com\/#website"},"primaryImageOfPage":{"@id":"https:\/\/generaldecontenedores.com\/shop\/contenedor-maritimo\/contenedor-de-20-pies-doble-puerta-doble\/#primaryimage"},"image":{"@id":"https:\/\/generaldecontenedores.com\/shop\/contenedor-maritimo\/contenedor-de-20-pies-doble-puerta-doble\/#primaryimage"},"thumbnailUrl":"https:\/\/generaldecontenedores.com\/wp-content\/uploads\/2025\/07\/03.jpg","datePublished":"2025-07-01T16:56:59+00:00","dateModified":"2025-07-06T17:11:08+00:00","breadcrumb":{"@id":"https:\/\/generaldecontenedores.com\/shop\/contenedor-maritimo\/contenedor-de-20-pies-doble-puerta-doble\/#breadcrumb"},"inLanguage":"pt-PT","potentialAction":[{"@type":"ReadAction","target":["https:\/\/generaldecontenedores.com\/shop\/contenedor-maritimo\/contenedor-de-20-pies-doble-puerta-doble\/"]}]},{"@type":"ImageObject","inLanguage":"pt-PT","@id":"https:\/\/generaldecontenedores.com\/shop\/contenedor-maritimo\/contenedor-de-20-pies-doble-puerta-doble\/#primaryimage","url":"https:\/\/generaldecontenedores.com\/wp-content\/uploads\/2025\/07\/03.jpg","contentUrl":"https:\/\/generaldecontenedores.com\/wp-content\/uploads\/2025\/07\/03.jpg","width":567,"height":395,"caption":"Contenedor de 20 pies doble puerta doble"},{"@type":"BreadcrumbList","@id":"https:\/\/generaldecontenedores.com\/shop\/contenedor-maritimo\/contenedor-de-20-pies-doble-puerta-doble\/#breadcrumb","itemListElement":[{"@type":"ListItem","position":1,"name":"Accueil","item":"https:\/\/generaldecontenedores.com\/"},{"@type":"ListItem","position":2,"name":"Shop","item":"https:\/\/generaldecontenedores.com\/shop\/"},{"@type":"ListItem","position":3,"name":"Contenedor Mar\u00edtimo de 20 pies doble puerta doble"}]},{"@type":"WebSite","@id":"https:\/\/generaldecontenedores.com\/#website","url":"https:\/\/generaldecontenedores.com\/","name":"Transitaria General De Contenedores","description":"O meu blogue WordPress","potentialAction":[{"@type":"SearchAction","target":{"@type":"EntryPoint","urlTemplate":"https:\/\/generaldecontenedores.com\/?s={search_term_string}"},"query-input":{"@type":"PropertyValueSpecification","valueRequired":true,"valueName":"search_term_string"}}],"inLanguage":"pt-PT"}]},"og_availability":"instock","product_availability":"instock","product_condition":"new"},"_links":{"self":[{"href":"https:\/\/generaldecontenedores.com\/pt\/wp-json\/wp\/v2\/product\/29028","targetHints":{"allow":["GET"]}}],"collection":[{"href":"https:\/\/generaldecontenedores.com\/pt\/wp-json\/wp\/v2\/product"}],"about":[{"href":"https:\/\/generaldecontenedores.com\/pt\/wp-json\/wp\/v2\/types\/product"}],"replies":[{"embeddable":true,"href":"https:\/\/generaldecontenedores.com\/pt\/wp-json\/wp\/v2\/comments?post=29028"}],"version-history":[{"count":2,"href":"https:\/\/generaldecontenedores.com\/pt\/wp-json\/wp\/v2\/product\/29028\/revisions"}],"predecessor-version":[{"id":29249,"href":"https:\/\/generaldecontenedores.com\/pt\/wp-json\/wp\/v2\/product\/29028\/revisions\/29249"}],"wp:featuredmedia":[{"embeddable":true,"href":"https:\/\/generaldecontenedores.com\/pt\/wp-json\/wp\/v2\/media\/29029"}],"wp:attachment":[{"href":"https:\/\/generaldecontenedores.com\/pt\/wp-json\/wp\/v2\/media?parent=29028"}],"wp:term":[{"taxonomy":"product_brand","embeddable":true,"href":"https:\/\/generaldecontenedores.com\/pt\/wp-json\/wp\/v2\/product_brand?post=29028"},{"taxonomy":"product_cat","embeddable":true,"href":"https:\/\/generaldecontenedores.com\/pt\/wp-json\/wp\/v2\/product_cat?post=29028"},{"taxonomy":"product_tag","embeddable":true,"href":"https:\/\/generaldecontenedores.com\/pt\/wp-json\/wp\/v2\/product_tag?post=29028"}],"curies":[{"name":"wp","href":"https:\/\/api.w.org\/{rel}","templated":true}]}}